{"id":1726,"date":"2022-12-14T12:43:20","date_gmt":"2022-12-14T12:43:20","guid":{"rendered":"https:\/\/global-mind-search.com\/politique-de-protection-des-donnees\/"},"modified":"2023-11-10T12:45:33","modified_gmt":"2023-11-10T12:45:33","slug":"politique-de-protection-des-donnees","status":"publish","type":"page","link":"https:\/\/global-mind-search.com\/en\/politique-de-protection-des-donnees\/","title":{"rendered":"Politique de protection des donn\u00e9es"},"content":{"rendered":"<h2>1. Pr\u00e9ambule<\/h2>\n<p><!-- wp:paragraph --><\/p>\n<p>La pr\u00e9sente politique de protection des donn\u00e9es a pour objectif de vous informer sur les traitements de donn\u00e9es \u00e0 caract\u00e8re personnel mis en \u0153uvre par GLOBAL MIND SEARCH afin de veiller au respect des donn\u00e9es \u00e0 caract\u00e8re personnel des personnes physiques, conform\u00e9ment \u00e0 la loi n\u00b078-17 du 6 janvier 1978 modifi\u00e9e relative \u00e0 l\u2019informatique, aux fichiers et aux libert\u00e9s ainsi qu\u2019au R\u00e8glement europ\u00e9en n\u00b02016\/679\/UE du 27 avril 2016 sur la Protection des Donn\u00e9es (RGPD).<br \/>\nEn nous fournissant vos informations personnelles et autres informations, vous acceptez les conditions g\u00e9n\u00e9rales de cette Politique de protection des donn\u00e9es.<br \/>\nLa pr\u00e9sente politique de confidentialit\u00e9 pourra \u00e9voluer en fonction du contexte l\u00e9gal et r\u00e9glementaire et de la doctrine de la CNIL.<\/p>\n<p><!-- wp:heading --><\/p>\n<h2>2. Identit\u00e9 du responsable de traitement<\/h2>\n<p><!-- wp:paragraph --><\/p>\n<p>GLOBAL MIND SEARCH \u2013 soci\u00e9t\u00e9 par actions simplifi\u00e9e \u00e0 associ\u00e9 unique au capital de 30.000 \u20ac, ayant son si\u00e8ge social 2 rue Salzmann- 67000 STRASBOURG, immatricul\u00e9 au registre du commerce et des soci\u00e9t\u00e9s de Strasbourg sous le num\u00e9ro 514 168 426, repr\u00e9sent\u00e9 par son Pr\u00e9sident, Monsieur St\u00e9phane Glaser<\/p>\n<p><!-- wp:heading --><\/p>\n<h2>3. Donn\u00e9es collect\u00e9es<\/h2>\n<p><!-- wp:paragraph --><\/p>\n<p>GLOBAL MIND SEARCH veille \u00e0 ne collecter et ne traiter que des donn\u00e9es strictement n\u00e9cessaires \u00e0 la finalit\u00e9 des traitements mis en \u0153uvre, conform\u00e9ment au principe de minimisation des donn\u00e9es.<\/p>\n<p><!-- wp:paragraph --><\/p>\n<p>Les \u00ab donn\u00e9es \u00e0 caract\u00e8re personnel \u00bb sont des informations qui vous identifient en tant que personne ou qui concernent une personne identifiable, par exemple nom, pr\u00e9nom, fonction, entreprise employeur, mail, t\u00e9l\u00e9phone, ville, pays, adresse postale, date de naissance, exp\u00e9rience professionnelle, dipl\u00f4mes, CV\u2026<\/p>\n<p><!-- wp:paragraph --><\/p>\n<p>Ces donn\u00e9es peuvent \u00eatre collect\u00e9es directement aupr\u00e8s de la personne concern\u00e9e (candidature spontan\u00e9e, approche directe ou tests de personnalit\u00e9) ou aupr\u00e8s de partenaires et autres parties tierces, tel que les CVth\u00e8ques, les r\u00e9seaux sociaux (LinkedIn, Viadeo).<\/p>\n<p><!-- wp:paragraph --><\/p>\n<p>Le site www.global-mind-search.com n\u2019utilise pas de cookie.<\/p>\n<p><!-- wp:heading --><\/p>\n<h2>4. Finalit\u00e9s de la collecte<\/h2>\n<p><!-- wp:paragraph --><\/p>\n<p>Les traitements mis en \u0153uvre par GLOBAL MIND SEARCH r\u00e9pondent \u00e0 des finalit\u00e9s explicites, l\u00e9gitimes et d\u00e9termin\u00e9es, savoir des prestations de recrutement.<\/p>\n<p><!-- wp:heading --><\/p>\n<h2>5. Base juridique du traitement<\/h2>\n<p><!-- wp:paragraph --><\/p>\n<p>Les bases juridiques associ\u00e9es aux traitements de vos donn\u00e9es \u00e0 caract\u00e8re personnel sont contractuelles et fond\u00e9es sur le consentement de la personne concern\u00e9e.<\/p>\n<p><!-- wp:heading --><\/p>\n<h2>6. Destinataires des donn\u00e9es<\/h2>\n<p><!-- wp:paragraph --><\/p>\n<p>GLOBAL MIND SEARCH ne communique vos donn\u00e9es \u00e0 caract\u00e8re personnel qu\u2019\u00e0 des destinataires habilit\u00e9s et d\u00e9termin\u00e9s.<\/p>\n<p><!-- wp:paragraph --><\/p>\n<p>Les destinataires de vos donn\u00e9es \u00e0 caract\u00e8re personnel sont les collaborateurs concern\u00e9s de GLOBAL MIND SEARCH. Par ailleurs, compte tenu de la mission m\u00eame de GLOBAL MIND SEARCH, elle est amen\u00e9e \u00e0 transmettre \u00e0 toute entreprise cliente le profil de candidats et inversement.<\/p>\n<p><!-- wp:paragraph --><\/p>\n<p>Dans le cadre de la gestion du dossier du client, GLOBAL MIND SEARCH peut \u00eatre amen\u00e9 \u00e0 communiquer certaines donn\u00e9es, \u00e0 tous organismes partenaires (ex : soci\u00e9t\u00e9 g\u00e9rant des applications d\u2019\u00e9valuation des candidats\u2026).<\/p>\n<p><!-- wp:paragraph --><\/p>\n<p>Vos donn\u00e9es ne font l\u2019objet d\u2019aucun transfert en dehors du territoire de l\u2019Union europ\u00e9enne, sauf en Suisse, dont la l\u00e9gislation en mati\u00e8re de protection des donn\u00e9es \u00e0 caract\u00e8re personnel a \u00e9t\u00e9 reconnue comme garantissant un niveau de protection ad\u00e9quat, \u00e0 la hauteur des garanties offertes par le RGPD.<\/p>\n<p><!-- wp:heading --><\/p>\n<h2>7. Dur\u00e9e de conservation des donn\u00e9es<\/h2>\n<p><!-- wp:paragraph --><\/p>\n<p>GLOBAL MIND SEARCH ne conserve vos donn\u00e9es \u00e0 caract\u00e8re personnel que pour la dur\u00e9e n\u00e9cessaire aux op\u00e9rations pour lesquelles elles ont \u00e9t\u00e9 collect\u00e9es ainsi que dans le respect de la l\u00e9gislation en vigueur.<\/p>\n<p><!-- wp:paragraph --><\/p>\n<p>Ainsi, les donn\u00e9es relatives aux entreprises clientes sont conserv\u00e9es pendant la dur\u00e9e des relations contractuelles, augment\u00e9e de 3 ans \u00e0 des fins d\u2019animation et de prospection, sans pr\u00e9judice des obligations de conservation ou des d\u00e9lais de prescription. Les donn\u00e9es relatives aux prospects sont conserv\u00e9es pendant une dur\u00e9e de 3 ans \u00e0 compter du dernier contact entrant avec GLOBAL MIND SEARCH.<\/p>\n<p><!-- wp:paragraph --><\/p>\n<p>Les donn\u00e9es des candidats sont conserv\u00e9es pendant une dur\u00e9e de 2 ans, sauf demande expresse contraire. Une fois ce d\u00e9lai pass\u00e9, GLOBAL MIND SEARCH adressera \u00e0 la personne concern\u00e9e une demande de mise \u00e0 jour de ses donn\u00e9es. A d\u00e9faut de r\u00e9ponse, ou en cas d\u2019opposition \u00e0 la mise \u00e0 jour, les donn\u00e9es seront supprim\u00e9es.<\/p>\n<p><!-- wp:heading --><\/p>\n<h2>8. Caract\u00e8re obligatoire ou facultatif des r\u00e9ponses<\/h2>\n<p><!-- wp:paragraph --><\/p>\n<p>Les cases agr\u00e9ment\u00e9es d\u2019une ast\u00e9rie sont obligatoires afin de pouvoirs traiter la demande.<\/p>\n<p><!-- wp:heading --><\/p>\n<h2>9. S\u00e9curit\u00e9<\/h2>\n<p><!-- wp:paragraph --><\/p>\n<p>GLOBAL MIND SEARCH assure la s\u00e9curit\u00e9 de vos donn\u00e9es \u00e0 caract\u00e8re personnel au travers de l\u2019utilisation de moyens de s\u00e9curisation physiques et logiques adapt\u00e9s.<br \/>\nL\u2019h\u00e9bergement des donn\u00e9es est assur\u00e9 par la soci\u00e9t\u00e9 OVH dont les serveurs sont situ\u00e9s en France.<\/p>\n<p><!-- wp:heading --><\/p>\n<h2>10. Vos droits<\/h2>\n<p><!-- wp:paragraph --><\/p>\n<p>Conform\u00e9ment \u00e0 la loi \u00abinformatique et libert\u00e9 \u00bb du 6 janvier 1978 modifi\u00e9e et au R\u00e8glement europ\u00e9en n\u00b02016\/679\/UE du 27 avril 2016, vous disposez d\u2019un droit d\u2019acc\u00e8s, d\u2019interrogation, de modification, de rectification, d\u2019opposition, d\u2019effacement des informations vous concernant, du droit \u00e0 la portabilit\u00e9 des donn\u00e9es, de limitation du traitement ainsi que du droit de d\u00e9finir les directives relatives au sort de vos donn\u00e9es \u00e0 caract\u00e8re personnel apr\u00e8s votre d\u00e9c\u00e8s.<br \/>\nVous pourrez faire valoir ces droits en contactant notre r\u00e9f\u00e9rent par courrier \u00e9lectronique \u00e0 l\u2019adresse suivante : <a href=\"mailto:stephane.glaser@global-mind-search.com\">stephane.glaser@global-mind-search.com<\/a> ou par courrier postal \u00e0 l\u2019adresse suivante, GLOBAL MIND SEARCH \u2013 2 rue Salzmann- 67000 STRASBOURG, accompagn\u00e9 d\u2019une copie d\u2019un titre d\u2019identit\u00e9 sign\u00e9 ou de tout autre document permettant de v\u00e9rifier de l\u2019auteur de la demande.<br \/>\nVous disposez \u00e9galement du droit de saisir la CNIL.<\/p>\n<p><!-- wp:heading --><\/p>\n<h2>11. Contact<\/h2>\n<p><!-- wp:paragraph --><\/p>\n<p>Pour toutes demandes d\u2019information concernant la politique de protection des donn\u00e9es \u00e0 caract\u00e8re personnel mise en \u0153uvre par GLOBAL MIND SEARCH, vous pouvez vous adressez \u00e0 : <a href=\"mailto:stephane.glaser@global-mind-search.com\">stephane.glaser@global-mind-search.com<\/a><\/p>\n","protected":false},"excerpt":{"rendered":"<p>1. Pr\u00e9ambule La pr\u00e9sente politique de protection des donn\u00e9es a pour objectif de vous informer sur les traitements de donn\u00e9es \u00e0 caract\u00e8re personnel mis en \u0153uvre par GLOBAL MIND SEARCH afin de veiller au respect des donn\u00e9es \u00e0 caract\u00e8re personnel des personnes physiques, conform\u00e9ment \u00e0 la loi n\u00b078-17 du 6 janvier 1978 modifi\u00e9e relative \u00e0 [&hellip;]<\/p>\n","protected":false},"author":1,"featured_media":0,"parent":0,"menu_order":9,"comment_status":"closed","ping_status":"closed","template":"","meta":{"_acf_changed":false,"footnotes":""},"class_list":["post-1726","page","type-page","status-publish","hentry"],"acf":[],"yoast_head":"\n<title>Politique de protection des donn\u00e9es | Global Mind Search | Cabinet de recrutement | St\u00e9phane Glaser<\/title>\n<meta name=\"robots\" content=\"index, follow, max-snippet:-1, max-image-preview:large, max-video-preview:-1\" \/>\n<link rel=\"canonical\" href=\"https:\/\/global-mind-search.com\/en\/politique-de-protection-des-donnees\/\" \/>\n<meta property=\"og:locale\" content=\"en_US\" \/>\n<meta property=\"og:type\" content=\"article\" \/>\n<meta property=\"og:title\" content=\"Politique de protection des donn\u00e9es | Global Mind Search | Cabinet de recrutement | St\u00e9phane Glaser\" \/>\n<meta property=\"og:description\" content=\"1. Pr\u00e9ambule La pr\u00e9sente politique de protection des donn\u00e9es a pour objectif de vous informer sur les traitements de donn\u00e9es \u00e0 caract\u00e8re personnel mis en \u0153uvre par GLOBAL MIND SEARCH afin de veiller au respect des donn\u00e9es \u00e0 caract\u00e8re personnel des personnes physiques, conform\u00e9ment \u00e0 la loi n\u00b078-17 du 6 janvier 1978 modifi\u00e9e relative \u00e0 [&hellip;]\" \/>\n<meta property=\"og:url\" content=\"https:\/\/global-mind-search.com\/en\/politique-de-protection-des-donnees\/\" \/>\n<meta property=\"og:site_name\" content=\"Global Mind Search | Cabinet de recrutement | St\u00e9phane Glaser\" \/>\n<meta property=\"article:modified_time\" content=\"2023-11-10T12:45:33+00:00\" \/>\n<meta name=\"twitter:card\" content=\"summary_large_image\" \/>\n<meta name=\"twitter:label1\" content=\"Est. reading time\" \/>\n\t<meta name=\"twitter:data1\" content=\"5 minutes\" \/>\n<script type=\"application\/ld+json\" class=\"yoast-schema-graph\">{\"@context\":\"https:\/\/schema.org\",\"@graph\":[{\"@type\":\"WebPage\",\"@id\":\"https:\/\/global-mind-search.com\/en\/politique-de-protection-des-donnees\/\",\"url\":\"https:\/\/global-mind-search.com\/en\/politique-de-protection-des-donnees\/\",\"name\":\"Politique de protection des donn\u00e9es | Global Mind Search | Cabinet de recrutement | St\u00e9phane Glaser\",\"isPartOf\":{\"@id\":\"https:\/\/global-mind-search.com\/#website\"},\"datePublished\":\"2022-12-14T12:43:20+00:00\",\"dateModified\":\"2023-11-10T12:45:33+00:00\",\"breadcrumb\":{\"@id\":\"https:\/\/global-mind-search.com\/en\/politique-de-protection-des-donnees\/#breadcrumb\"},\"inLanguage\":\"en-US\",\"potentialAction\":[{\"@type\":\"ReadAction\",\"target\":[\"https:\/\/global-mind-search.com\/en\/politique-de-protection-des-donnees\/\"]}]},{\"@type\":\"BreadcrumbList\",\"@id\":\"https:\/\/global-mind-search.com\/en\/politique-de-protection-des-donnees\/#breadcrumb\",\"itemListElement\":[{\"@type\":\"ListItem\",\"position\":1,\"name\":\"Accueil\",\"item\":\"https:\/\/global-mind-search.com\/en\/\"},{\"@type\":\"ListItem\",\"position\":2,\"name\":\"Politique de protection des donn\u00e9es\"}]},{\"@type\":\"WebSite\",\"@id\":\"https:\/\/global-mind-search.com\/#website\",\"url\":\"https:\/\/global-mind-search.com\/\",\"name\":\"Global Mind Search | Cabinet de recrutement | St\u00e9phane Glaser\",\"description\":\"Cabinet de conseil en recrutement par approche directe de cadres confirm\u00e9s et dirigeants, en France, Suisse, Allemagne, Belgique, Luxembourg\",\"publisher\":{\"@id\":\"https:\/\/global-mind-search.com\/#organization\"},\"alternateName\":\"Cabinet de conseil en recrutement par approche directe de cadres confirm\u00e9s et dirigeants, en France, Suisse, Allemagne, Belgique, Luxembourg\",\"potentialAction\":[{\"@type\":\"SearchAction\",\"target\":{\"@type\":\"EntryPoint\",\"urlTemplate\":\"https:\/\/global-mind-search.com\/?s={search_term_string}\"},\"query-input\":\"required name=search_term_string\"}],\"inLanguage\":\"en-US\"},{\"@type\":\"Organization\",\"@id\":\"https:\/\/global-mind-search.com\/#organization\",\"name\":\"Global Mind Search | Cabinet de recrutement | St\u00e9phane Glaser\",\"alternateName\":\"Cabinet de conseil en recrutement par approche directe de cadres confirm\u00e9s et dirigeants, en France, Suisse, Allemagne, Belgique, Luxembourg\",\"url\":\"https:\/\/global-mind-search.com\/\",\"logo\":{\"@type\":\"ImageObject\",\"inLanguage\":\"en-US\",\"@id\":\"https:\/\/global-mind-search.com\/#\/schema\/logo\/image\/\",\"url\":\"https:\/\/global-mind-search.com\/wp-content\/uploads\/2022\/12\/GMS-recrutement-bureau-Strasbourg.jpg\",\"contentUrl\":\"https:\/\/global-mind-search.com\/wp-content\/uploads\/2022\/12\/GMS-recrutement-bureau-Strasbourg.jpg\",\"width\":450,\"height\":300,\"caption\":\"Global Mind Search | Cabinet de recrutement | St\u00e9phane Glaser\"},\"image\":{\"@id\":\"https:\/\/global-mind-search.com\/#\/schema\/logo\/image\/\"}}]}<\/script>\n","yoast_head_json":{"title":"Politique de protection des donn\u00e9es | Global Mind Search | Cabinet de recrutement | St\u00e9phane Glaser","robots":{"index":"index","follow":"follow","max-snippet":"max-snippet:-1","max-image-preview":"max-image-preview:large","max-video-preview":"max-video-preview:-1"},"canonical":"https:\/\/global-mind-search.com\/en\/politique-de-protection-des-donnees\/","og_locale":"en_US","og_type":"article","og_title":"Politique de protection des donn\u00e9es | Global Mind Search | Cabinet de recrutement | St\u00e9phane Glaser","og_description":"1. Pr\u00e9ambule La pr\u00e9sente politique de protection des donn\u00e9es a pour objectif de vous informer sur les traitements de donn\u00e9es \u00e0 caract\u00e8re personnel mis en \u0153uvre par GLOBAL MIND SEARCH afin de veiller au respect des donn\u00e9es \u00e0 caract\u00e8re personnel des personnes physiques, conform\u00e9ment \u00e0 la loi n\u00b078-17 du 6 janvier 1978 modifi\u00e9e relative \u00e0 [&hellip;]","og_url":"https:\/\/global-mind-search.com\/en\/politique-de-protection-des-donnees\/","og_site_name":"Global Mind Search | Cabinet de recrutement | St\u00e9phane Glaser","article_modified_time":"2023-11-10T12:45:33+00:00","twitter_card":"summary_large_image","twitter_misc":{"Est. reading time":"5 minutes"},"schema":{"@context":"https:\/\/schema.org","@graph":[{"@type":"WebPage","@id":"https:\/\/global-mind-search.com\/en\/politique-de-protection-des-donnees\/","url":"https:\/\/global-mind-search.com\/en\/politique-de-protection-des-donnees\/","name":"Politique de protection des donn\u00e9es | Global Mind Search | Cabinet de recrutement | St\u00e9phane Glaser","isPartOf":{"@id":"https:\/\/global-mind-search.com\/#website"},"datePublished":"2022-12-14T12:43:20+00:00","dateModified":"2023-11-10T12:45:33+00:00","breadcrumb":{"@id":"https:\/\/global-mind-search.com\/en\/politique-de-protection-des-donnees\/#breadcrumb"},"inLanguage":"en-US","potentialAction":[{"@type":"ReadAction","target":["https:\/\/global-mind-search.com\/en\/politique-de-protection-des-donnees\/"]}]},{"@type":"BreadcrumbList","@id":"https:\/\/global-mind-search.com\/en\/politique-de-protection-des-donnees\/#breadcrumb","itemListElement":[{"@type":"ListItem","position":1,"name":"Accueil","item":"https:\/\/global-mind-search.com\/en\/"},{"@type":"ListItem","position":2,"name":"Politique de protection des donn\u00e9es"}]},{"@type":"WebSite","@id":"https:\/\/global-mind-search.com\/#website","url":"https:\/\/global-mind-search.com\/","name":"Global Mind Search | Cabinet de recrutement | St\u00e9phane Glaser","description":"Cabinet de conseil en recrutement par approche directe de cadres confirm\u00e9s et dirigeants, en France, Suisse, Allemagne, Belgique, Luxembourg","publisher":{"@id":"https:\/\/global-mind-search.com\/#organization"},"alternateName":"Cabinet de conseil en recrutement par approche directe de cadres confirm\u00e9s et dirigeants, en France, Suisse, Allemagne, Belgique, Luxembourg","potentialAction":[{"@type":"SearchAction","target":{"@type":"EntryPoint","urlTemplate":"https:\/\/global-mind-search.com\/?s={search_term_string}"},"query-input":"required name=search_term_string"}],"inLanguage":"en-US"},{"@type":"Organization","@id":"https:\/\/global-mind-search.com\/#organization","name":"Global Mind Search | Cabinet de recrutement | St\u00e9phane Glaser","alternateName":"Cabinet de conseil en recrutement par approche directe de cadres confirm\u00e9s et dirigeants, en France, Suisse, Allemagne, Belgique, Luxembourg","url":"https:\/\/global-mind-search.com\/","logo":{"@type":"ImageObject","inLanguage":"en-US","@id":"https:\/\/global-mind-search.com\/#\/schema\/logo\/image\/","url":"https:\/\/global-mind-search.com\/wp-content\/uploads\/2022\/12\/GMS-recrutement-bureau-Strasbourg.jpg","contentUrl":"https:\/\/global-mind-search.com\/wp-content\/uploads\/2022\/12\/GMS-recrutement-bureau-Strasbourg.jpg","width":450,"height":300,"caption":"Global Mind Search | Cabinet de recrutement | St\u00e9phane Glaser"},"image":{"@id":"https:\/\/global-mind-search.com\/#\/schema\/logo\/image\/"}}]}},"_links":{"self":[{"href":"https:\/\/global-mind-search.com\/en\/wp-json\/wp\/v2\/pages\/1726","targetHints":{"allow":["GET"]}}],"collection":[{"href":"https:\/\/global-mind-search.com\/en\/wp-json\/wp\/v2\/pages"}],"about":[{"href":"https:\/\/global-mind-search.com\/en\/wp-json\/wp\/v2\/types\/page"}],"author":[{"embeddable":true,"href":"https:\/\/global-mind-search.com\/en\/wp-json\/wp\/v2\/users\/1"}],"replies":[{"embeddable":true,"href":"https:\/\/global-mind-search.com\/en\/wp-json\/wp\/v2\/comments?post=1726"}],"version-history":[{"count":0,"href":"https:\/\/global-mind-search.com\/en\/wp-json\/wp\/v2\/pages\/1726\/revisions"}],"wp:attachment":[{"href":"https:\/\/global-mind-search.com\/en\/wp-json\/wp\/v2\/media?parent=1726"}],"curies":[{"name":"wp","href":"https:\/\/api.w.org\/{rel}","templated":true}]}}